{"id":10,"date":"2022-02-15T13:51:22","date_gmt":"2022-02-15T13:51:22","guid":{"rendered":"https:\/\/samanesonu.colegiolossamanes.edu.co\/?page_id=10"},"modified":"2026-04-30T15:20:36","modified_gmt":"2026-04-30T15:20:36","slug":"simulacro-de-las-naciones-unidas-del-colegio-los-samanes","status":"publish","type":"page","link":"https:\/\/samanesonu.colegiolossamanes.edu.co\/","title":{"rendered":"Simulacro de Naciones Unidas del Colegio Los Samanes"},"content":{"rendered":"<div class=\"wp-block-image\">\n<figure class=\"aligncenter size-large is-resized\"><img loading=\"lazy\" decoding=\"async\" width=\"1024\" height=\"321\" src=\"https:\/\/samanesonu.colegiolossamanes.edu.co\/wp-content\/uploads\/2026\/04\/Samonu-Col-Nexus-1024x321.png\" alt=\"\" class=\"wp-image-3411\" style=\"width:608px;height:auto\" srcset=\"https:\/\/samanesonu.colegiolossamanes.edu.co\/wp-content\/uploads\/2026\/04\/Samonu-Col-Nexus-1024x321.png 1024w, https:\/\/samanesonu.colegiolossamanes.edu.co\/wp-content\/uploads\/2026\/04\/Samonu-Col-Nexus-300x94.png 300w, https:\/\/samanesonu.colegiolossamanes.edu.co\/wp-content\/uploads\/2026\/04\/Samonu-Col-Nexus-768x241.png 768w, https:\/\/samanesonu.colegiolossamanes.edu.co\/wp-content\/uploads\/2026\/04\/Samonu-Col-Nexus.png 1075w\" sizes=\"auto, (max-width: 1024px) 100vw, 1024px\" \/><\/figure><\/div>\n\n\n<hr class=\"wp-block-separator has-css-opacity is-style-wide\"\/>\n\n\n\n<ul class=\"wp-block-social-links aligncenter has-normal-icon-size is-content-justification-space-between is-layout-flex wp-container-core-social-links-is-layout-1 wp-block-social-links-is-layout-flex\"><li class=\"wp-social-link wp-social-link-facebook  wp-block-social-link\"><a href=\"https:\/\/www.facebook.com\/profile.php?id=100072112655971\" class=\"wp-block-social-link-anchor\"><svg width=\"24\" height=\"24\" viewBox=\"0 0 24 24\" version=\"1.1\" xmlns=\"http:\/\/www.w3.org\/2000\/svg\" aria-hidden=\"true\" focusable=\"false\"><path d=\"M12 2C6.5 2 2 6.5 2 12c0 5 3.7 9.1 8.4 9.9v-7H7.9V12h2.5V9.8c0-2.5 1.5-3.9 3.8-3.9 1.1 0 2.2.2 2.2.2v2.5h-1.3c-1.2 0-1.6.8-1.6 1.6V12h2.8l-.4 2.9h-2.3v7C18.3 21.1 22 17 22 12c0-5.5-4.5-10-10-10z\"><\/path><\/svg><span class=\"wp-block-social-link-label screen-reader-text\">Facebook<\/span><\/a><\/li>\n\n<li class=\"wp-social-link wp-social-link-instagram  wp-block-social-link\"><a href=\"https:\/\/www.instagram.com\/samonu2025_\/\" class=\"wp-block-social-link-anchor\"><svg width=\"24\" height=\"24\" viewBox=\"0 0 24 24\" version=\"1.1\" xmlns=\"http:\/\/www.w3.org\/2000\/svg\" aria-hidden=\"true\" focusable=\"false\"><path d=\"M12,4.622c2.403,0,2.688,0.009,3.637,0.052c0.877,0.04,1.354,0.187,1.671,0.31c0.42,0.163,0.72,0.358,1.035,0.673 c0.315,0.315,0.51,0.615,0.673,1.035c0.123,0.317,0.27,0.794,0.31,1.671c0.043,0.949,0.052,1.234,0.052,3.637 s-0.009,2.688-0.052,3.637c-0.04,0.877-0.187,1.354-0.31,1.671c-0.163,0.42-0.358,0.72-0.673,1.035 c-0.315,0.315-0.615,0.51-1.035,0.673c-0.317,0.123-0.794,0.27-1.671,0.31c-0.949,0.043-1.233,0.052-3.637,0.052 s-2.688-0.009-3.637-0.052c-0.877-0.04-1.354-0.187-1.671-0.31c-0.42-0.163-0.72-0.358-1.035-0.673 c-0.315-0.315-0.51-0.615-0.673-1.035c-0.123-0.317-0.27-0.794-0.31-1.671C4.631,14.688,4.622,14.403,4.622,12 s0.009-2.688,0.052-3.637c0.04-0.877,0.187-1.354,0.31-1.671c0.163-0.42,0.358-0.72,0.673-1.035 c0.315-0.315,0.615-0.51,1.035-0.673c0.317-0.123,0.794-0.27,1.671-0.31C9.312,4.631,9.597,4.622,12,4.622 M12,3 C9.556,3,9.249,3.01,8.289,3.054C7.331,3.098,6.677,3.25,6.105,3.472C5.513,3.702,5.011,4.01,4.511,4.511 c-0.5,0.5-0.808,1.002-1.038,1.594C3.25,6.677,3.098,7.331,3.054,8.289C3.01,9.249,3,9.556,3,12c0,2.444,0.01,2.751,0.054,3.711 c0.044,0.958,0.196,1.612,0.418,2.185c0.23,0.592,0.538,1.094,1.038,1.594c0.5,0.5,1.002,0.808,1.594,1.038 c0.572,0.222,1.227,0.375,2.185,0.418C9.249,20.99,9.556,21,12,21s2.751-0.01,3.711-0.054c0.958-0.044,1.612-0.196,2.185-0.418 c0.592-0.23,1.094-0.538,1.594-1.038c0.5-0.5,0.808-1.002,1.038-1.594c0.222-0.572,0.375-1.227,0.418-2.185 C20.99,14.751,21,14.444,21,12s-0.01-2.751-0.054-3.711c-0.044-0.958-0.196-1.612-0.418-2.185c-0.23-0.592-0.538-1.094-1.038-1.594 c-0.5-0.5-1.002-0.808-1.594-1.038c-0.572-0.222-1.227-0.375-2.185-0.418C14.751,3.01,14.444,3,12,3L12,3z M12,7.378 c-2.552,0-4.622,2.069-4.622,4.622S9.448,16.622,12,16.622s4.622-2.069,4.622-4.622S14.552,7.378,12,7.378z M12,15 c-1.657,0-3-1.343-3-3s1.343-3,3-3s3,1.343,3,3S13.657,15,12,15z M16.804,6.116c-0.596,0-1.08,0.484-1.08,1.08 s0.484,1.08,1.08,1.08c0.596,0,1.08-0.484,1.08-1.08S17.401,6.116,16.804,6.116z\"><\/path><\/svg><span class=\"wp-block-social-link-label screen-reader-text\">Instagram<\/span><\/a><\/li>\n\n<li class=\"wp-social-link wp-social-link-whatsapp  wp-block-social-link\"><a href=\"https:\/\/wa.me\/+573160407145\" class=\"wp-block-social-link-anchor\"><svg width=\"24\" height=\"24\" viewBox=\"0 0 24 24\" version=\"1.1\" xmlns=\"http:\/\/www.w3.org\/2000\/svg\" aria-hidden=\"true\" focusable=\"false\"><path d=\"M 12.011719 2 C 6.5057187 2 2.0234844 6.478375 2.0214844 11.984375 C 2.0204844 13.744375 2.4814687 15.462563 3.3554688 16.976562 L 2 22 L 7.2324219 20.763672 C 8.6914219 21.559672 10.333859 21.977516 12.005859 21.978516 L 12.009766 21.978516 C 17.514766 21.978516 21.995047 17.499141 21.998047 11.994141 C 22.000047 9.3251406 20.962172 6.8157344 19.076172 4.9277344 C 17.190172 3.0407344 14.683719 2.001 12.011719 2 z M 12.009766 4 C 14.145766 4.001 16.153109 4.8337969 17.662109 6.3417969 C 19.171109 7.8517969 20.000047 9.8581875 19.998047 11.992188 C 19.996047 16.396187 16.413812 19.978516 12.007812 19.978516 C 10.674812 19.977516 9.3544062 19.642812 8.1914062 19.007812 L 7.5175781 18.640625 L 6.7734375 18.816406 L 4.8046875 19.28125 L 5.2851562 17.496094 L 5.5019531 16.695312 L 5.0878906 15.976562 C 4.3898906 14.768562 4.0204844 13.387375 4.0214844 11.984375 C 4.0234844 7.582375 7.6067656 4 12.009766 4 z M 8.4765625 7.375 C 8.3095625 7.375 8.0395469 7.4375 7.8105469 7.6875 C 7.5815469 7.9365 6.9355469 8.5395781 6.9355469 9.7675781 C 6.9355469 10.995578 7.8300781 12.182609 7.9550781 12.349609 C 8.0790781 12.515609 9.68175 15.115234 12.21875 16.115234 C 14.32675 16.946234 14.754891 16.782234 15.212891 16.740234 C 15.670891 16.699234 16.690438 16.137687 16.898438 15.554688 C 17.106437 14.971687 17.106922 14.470187 17.044922 14.367188 C 16.982922 14.263188 16.816406 14.201172 16.566406 14.076172 C 16.317406 13.951172 15.090328 13.348625 14.861328 13.265625 C 14.632328 13.182625 14.464828 13.140625 14.298828 13.390625 C 14.132828 13.640625 13.655766 14.201187 13.509766 14.367188 C 13.363766 14.534188 13.21875 14.556641 12.96875 14.431641 C 12.71875 14.305641 11.914938 14.041406 10.960938 13.191406 C 10.218937 12.530406 9.7182656 11.714844 9.5722656 11.464844 C 9.4272656 11.215844 9.5585938 11.079078 9.6835938 10.955078 C 9.7955938 10.843078 9.9316406 10.663578 10.056641 10.517578 C 10.180641 10.371578 10.223641 10.267562 10.306641 10.101562 C 10.389641 9.9355625 10.347156 9.7890625 10.285156 9.6640625 C 10.223156 9.5390625 9.737625 8.3065 9.515625 7.8125 C 9.328625 7.3975 9.131125 7.3878594 8.953125 7.3808594 C 8.808125 7.3748594 8.6425625 7.375 8.4765625 7.375 z\"><\/path><\/svg><span class=\"wp-block-social-link-label screen-reader-text\">WhatsApp<\/span><\/a><\/li><\/ul>\n\n\n\n<hr class=\"wp-block-separator has-css-opacity is-style-wide\"\/>\n\n\n\n<div class=\"wp-block-group\"><div class=\"wp-block-group__inner-container is-layout-flow wp-block-group-is-layout-flow\">\n<div class=\"wp-block-columns is-layout-flex wp-container-core-columns-is-layout-2 wp-block-columns-is-layout-flex\">\n<div class=\"wp-block-column is-layout-flow wp-block-column-is-layout-flow\" style=\"flex-basis:100%\">\n<div class=\"wp-block-columns is-layout-flex wp-container-core-columns-is-layout-1 wp-block-columns-is-layout-flex\">\n<div class=\"wp-block-column is-layout-flow wp-block-column-is-layout-flow\">\n<blockquote class=\"wp-block-quote is-layout-flow wp-block-quote-is-layout-flow\">\n<p>El <strong>Colegio Los Samanes<\/strong> ha sido el pilar fundamental de <strong>SAMONU<\/strong>, brindando el respaldo acad\u00e9mico, log\u00edstico e institucional que ha permitido su consolidaci\u00f3n y crecimiento. Gracias a su compromiso con la educaci\u00f3n cr\u00edtica y la formaci\u00f3n de ciudadanos globales, el colegio ha impulsado este simulacro como un espacio de debate, liderazgo y an\u00e1lisis de problem\u00e1ticas mundiales. Sin su apoyo, SAMONU no ser\u00eda el referente de formaci\u00f3n pol\u00edtica y diplom\u00e1tica que es hoy.<\/p>\n<\/blockquote>\n\n\n<div class=\"wp-block-image\">\n<figure class=\"aligncenter size-large is-resized\"><img loading=\"lazy\" decoding=\"async\" width=\"1024\" height=\"1024\" src=\"http:\/\/samanesonu.colegiolossamanes.edu.co\/wp-content\/uploads\/2024\/09\/Logotipo-y-versiones-02-1024x1024.png\" alt=\"\" class=\"wp-image-2305\" style=\"width:249px;height:auto\" srcset=\"https:\/\/samanesonu.colegiolossamanes.edu.co\/wp-content\/uploads\/2024\/09\/Logotipo-y-versiones-02-1024x1024.png 1024w, https:\/\/samanesonu.colegiolossamanes.edu.co\/wp-content\/uploads\/2024\/09\/Logotipo-y-versiones-02-300x300.png 300w, https:\/\/samanesonu.colegiolossamanes.edu.co\/wp-content\/uploads\/2024\/09\/Logotipo-y-versiones-02-150x150.png 150w, https:\/\/samanesonu.colegiolossamanes.edu.co\/wp-content\/uploads\/2024\/09\/Logotipo-y-versiones-02-768x768.png 768w, https:\/\/samanesonu.colegiolossamanes.edu.co\/wp-content\/uploads\/2024\/09\/Logotipo-y-versiones-02-1536x1536.png 1536w, https:\/\/samanesonu.colegiolossamanes.edu.co\/wp-content\/uploads\/2024\/09\/Logotipo-y-versiones-02-2048x2048.png 2048w\" sizes=\"auto, (max-width: 1024px) 100vw, 1024px\" \/><\/figure><\/div><\/div>\n\n\n\n<div class=\"wp-block-column is-layout-flow wp-block-column-is-layout-flow\"><div class=\"wp-block-image\">\n<figure class=\"aligncenter size-full is-resized\"><img loading=\"lazy\" decoding=\"async\" width=\"2000\" height=\"2000\" src=\"https:\/\/samanesonu.colegiolossamanes.edu.co\/wp-content\/uploads\/2026\/04\/NEXUS-LOGO.png\" alt=\"\" class=\"wp-image-3409\" style=\"width:245px;height:auto\" srcset=\"https:\/\/samanesonu.colegiolossamanes.edu.co\/wp-content\/uploads\/2026\/04\/NEXUS-LOGO.png 2000w, https:\/\/samanesonu.colegiolossamanes.edu.co\/wp-content\/uploads\/2026\/04\/NEXUS-LOGO-300x300.png 300w, https:\/\/samanesonu.colegiolossamanes.edu.co\/wp-content\/uploads\/2026\/04\/NEXUS-LOGO-1024x1024.png 1024w, https:\/\/samanesonu.colegiolossamanes.edu.co\/wp-content\/uploads\/2026\/04\/NEXUS-LOGO-150x150.png 150w, https:\/\/samanesonu.colegiolossamanes.edu.co\/wp-content\/uploads\/2026\/04\/NEXUS-LOGO-768x768.png 768w, https:\/\/samanesonu.colegiolossamanes.edu.co\/wp-content\/uploads\/2026\/04\/NEXUS-LOGO-1536x1536.png 1536w\" sizes=\"auto, (max-width: 2000px) 100vw, 2000px\" \/><\/figure><\/div>\n\n\n<blockquote class=\"wp-block-quote is-style-default is-layout-flow wp-block-quote-is-layout-flow\">\n<p>La Promoci\u00f3n <strong>Nexus<\/strong>, en el marco del Simulacro de Naciones Unidas <strong>SAMONU<\/strong>, propone una reflexi\u00f3n cr\u00edtica sobre las din\u00e1micas tradicionales del modelo, reconociendo que, aunque las comisiones se basan en organismos reales de la <strong>Organizaci\u00f3n de las Naciones Unidas<\/strong>, estas presentan limitaciones frente a los desaf\u00edos actuales; por ello, se plantea un enfoque alternativo que invita a los delegados a ir m\u00e1s all\u00e1 de la simulaci\u00f3n, fomentando un pensamiento cr\u00edtico, propositivo y orientado a la construcci\u00f3n de soluciones innovadoras y realistas.<\/p>\n<\/blockquote>\n<\/div>\n<\/div>\n<\/div>\n<\/div>\n<\/div><\/div>\n\n\n\n<hr class=\"wp-block-separator has-css-opacity is-style-wide\"\/>\n\n\n\n<div class=\"wp-block-columns is-layout-flex wp-container-core-columns-is-layout-3 wp-block-columns-is-layout-flex\">\n<div class=\"wp-block-column has-theme-palette-6-background-color has-background is-layout-flow wp-block-column-is-layout-flow\">\n<figure class=\"wp-block-gallery aligncenter has-nested-images columns-default is-cropped wp-block-gallery-1 is-layout-flex wp-block-gallery-is-layout-flex\">\n<figure class=\"wp-block-image size-large\"><img loading=\"lazy\" decoding=\"async\" width=\"1024\" height=\"411\" src=\"https:\/\/samanesonu.colegiolossamanes.edu.co\/wp-content\/uploads\/2022\/02\/samonu-2021-mesa-trabajo-1-1024x411.png\" alt=\"\" class=\"wp-image-125\" srcset=\"https:\/\/samanesonu.colegiolossamanes.edu.co\/wp-content\/uploads\/2022\/02\/samonu-2021-mesa-trabajo-1-1024x411.png 1024w, https:\/\/samanesonu.colegiolossamanes.edu.co\/wp-content\/uploads\/2022\/02\/samonu-2021-mesa-trabajo-1-300x120.png 300w, https:\/\/samanesonu.colegiolossamanes.edu.co\/wp-content\/uploads\/2022\/02\/samonu-2021-mesa-trabajo-1-768x308.png 768w, https:\/\/samanesonu.colegiolossamanes.edu.co\/wp-content\/uploads\/2022\/02\/samonu-2021-mesa-trabajo-1-1536x616.png 1536w, https:\/\/samanesonu.colegiolossamanes.edu.co\/wp-content\/uploads\/2022\/02\/samonu-2021-mesa-trabajo-1.png 2048w\" sizes=\"auto, (max-width: 1024px) 100vw, 1024px\" \/><\/figure>\n\n\n\n<figure class=\"wp-block-image size-large\"><img loading=\"lazy\" decoding=\"async\" width=\"1024\" height=\"411\" src=\"https:\/\/samanesonu.colegiolossamanes.edu.co\/wp-content\/uploads\/2022\/02\/conferencia-samonu-2021-1024x411.png\" alt=\"\" class=\"wp-image-126\" srcset=\"https:\/\/samanesonu.colegiolossamanes.edu.co\/wp-content\/uploads\/2022\/02\/conferencia-samonu-2021-1024x411.png 1024w, https:\/\/samanesonu.colegiolossamanes.edu.co\/wp-content\/uploads\/2022\/02\/conferencia-samonu-2021-300x120.png 300w, https:\/\/samanesonu.colegiolossamanes.edu.co\/wp-content\/uploads\/2022\/02\/conferencia-samonu-2021-768x308.png 768w, https:\/\/samanesonu.colegiolossamanes.edu.co\/wp-content\/uploads\/2022\/02\/conferencia-samonu-2021-1536x616.png 1536w, https:\/\/samanesonu.colegiolossamanes.edu.co\/wp-content\/uploads\/2022\/02\/conferencia-samonu-2021.png 2048w\" sizes=\"auto, (max-width: 1024px) 100vw, 1024px\" \/><\/figure>\n\n\n\n<figure class=\"wp-block-image size-large\"><img loading=\"lazy\" decoding=\"async\" width=\"1024\" height=\"411\" src=\"https:\/\/samanesonu.colegiolossamanes.edu.co\/wp-content\/uploads\/2022\/02\/equipo-samonu-2021-1-1024x411.png\" alt=\"\" class=\"wp-image-127\" srcset=\"https:\/\/samanesonu.colegiolossamanes.edu.co\/wp-content\/uploads\/2022\/02\/equipo-samonu-2021-1-1024x411.png 1024w, https:\/\/samanesonu.colegiolossamanes.edu.co\/wp-content\/uploads\/2022\/02\/equipo-samonu-2021-1-300x120.png 300w, https:\/\/samanesonu.colegiolossamanes.edu.co\/wp-content\/uploads\/2022\/02\/equipo-samonu-2021-1-768x308.png 768w, https:\/\/samanesonu.colegiolossamanes.edu.co\/wp-content\/uploads\/2022\/02\/equipo-samonu-2021-1-1536x616.png 1536w, https:\/\/samanesonu.colegiolossamanes.edu.co\/wp-content\/uploads\/2022\/02\/equipo-samonu-2021-1.png 2048w\" sizes=\"auto, (max-width: 1024px) 100vw, 1024px\" \/><\/figure>\n<\/figure>\n<\/div>\n<\/div>\n\n\n\n<div class=\"wp-block-columns has-background is-layout-flex wp-container-core-columns-is-layout-4 wp-block-columns-is-layout-flex\" style=\"background:radial-gradient(rgb(255,245,203) 0%,rgb(182,227,212) 66%,rgb(51,167,181) 100%)\">\n<div class=\"wp-block-column is-layout-flow wp-block-column-is-layout-flow\">\n<h3 class=\"wp-block-heading has-text-align-center\" id=\"manual-del-estudiante\">Manual del estudiante <\/h3>\n\n\n\n<div class=\"wp-block-buttons is-content-justification-center is-layout-flex wp-container-core-buttons-is-layout-1 wp-block-buttons-is-layout-flex\">\n<div class=\"wp-block-button\"><a class=\"wp-block-button__link wp-element-button\" href=\"https:\/\/drive.google.com\/file\/d\/1Yfu29beTyBLn0m-zkJl9mgCm-qlRVZzj\/view?usp=sharing\" target=\"_blank\" rel=\"noreferrer noopener\">Ver manual<\/a><\/div>\n<\/div>\n<\/div>\n\n\n\n<div class=\"wp-block-column is-vertically-aligned-center is-layout-flow wp-block-column-is-layout-flow\">\n<h3 class=\"wp-block-heading has-text-align-center\">Inscr\u00edbete en SAMONU 2025<\/h3>\n\n\n\n<div class=\"wp-block-buttons is-content-justification-center is-layout-flex wp-container-core-buttons-is-layout-2 wp-block-buttons-is-layout-flex\">\n<div class=\"wp-block-button is-style-fill\"><a class=\"wp-block-button__link has-background has-text-align-center wp-element-button\" href=\"https:\/\/docs.google.com\/forms\/d\/e\/1FAIpQLSeA2VH1qHnNRy4j0Dx1L-BzJizwYb8pNhANiSQoyyt8Tjxjmg\/viewform?usp=sharing\" style=\"background-color:#cc0e4f\" target=\"_blank\" rel=\"noreferrer noopener\">Inscripci\u00f3n estudiantes externos<\/a><\/div>\n<\/div>\n<\/div>\n\n\n\n<div class=\"wp-block-column is-layout-flow wp-block-column-is-layout-flow\">\n<h3 class=\"wp-block-heading has-text-align-center\" id=\"prensa-samonu\">Prensa Samonu<\/h3>\n\n\n\n<div class=\"wp-block-buttons is-content-justification-center is-layout-flex wp-container-core-buttons-is-layout-3 wp-block-buttons-is-layout-flex\">\n<div class=\"wp-block-button\"><a class=\"wp-block-button__link wp-element-button\" href=\"https:\/\/samanesonu.colegiolossamanes.edu.co\/index.php\/category\/prensa\/\" target=\"_blank\" rel=\"noreferrer noopener\">Leer prensa<\/a><\/div>\n<\/div>\n<\/div>\n<\/div>\n\n\n\n<hr class=\"wp-block-separator has-css-opacity is-style-wide\"\/>\n\n\n\n<h2 class=\"wp-block-heading has-text-align-center\" id=\"comisiones-samonu\">Comisiones <em>SAMONU<\/em><\/h2>\n\n\n\n<p class=\"has-text-align-left\">Accede a trav\u00e9s de la imagen de tu comisi\u00f3n y podr\u00e1s conocer qu\u00e9 pa\u00edses o delegaciones estar\u00e1n en SAMONU, las tem\u00e1ticas y preguntas problema de cada una de las comisiones. <\/p>\n\n\n\n<div class=\"wp-block-columns is-layout-flex wp-container-core-columns-is-layout-6 wp-block-columns-is-layout-flex\">\n<div class=\"wp-block-column is-layout-flow wp-block-column-is-layout-flow\">\n<div class=\"wp-block-columns is-layout-flex wp-container-core-columns-is-layout-5 wp-block-columns-is-layout-flex\">\n<div class=\"wp-block-column is-layout-flow wp-block-column-is-layout-flow\">\n<figure class=\"wp-block-image size-full\"><a href=\"https:\/\/samanesonu.colegiolossamanes.edu.co\/index.php\/ageneral\/\"><img loading=\"lazy\" decoding=\"async\" width=\"1024\" height=\"768\" src=\"https:\/\/samanesonu.colegiolossamanes.edu.co\/wp-content\/uploads\/2026\/03\/CSBB.png\" alt=\"\" class=\"wp-image-3358\" srcset=\"https:\/\/samanesonu.colegiolossamanes.edu.co\/wp-content\/uploads\/2026\/03\/CSBB.png 1024w, https:\/\/samanesonu.colegiolossamanes.edu.co\/wp-content\/uploads\/2026\/03\/CSBB-300x225.png 300w, https:\/\/samanesonu.colegiolossamanes.edu.co\/wp-content\/uploads\/2026\/03\/CSBB-768x576.png 768w\" sizes=\"auto, (max-width: 1024px) 100vw, 1024px\" \/><\/a><\/figure>\n\n\n\n<h3 class=\"wp-block-heading\">CBDR: Comisi\u00f3n sobre Bio\u00e9tica y Derechos Reproductivos.<\/h3>\n\n\n\n<p class=\"has-text-align-left\">La presente comisi\u00f3n tiene como objetivo debatir si la <strong>gestaci\u00f3n subrogada<\/strong> es un acto de autonom\u00eda o una <strong>comercializaci\u00f3n del cuerpo femenino<\/strong>. Bajo principios bio\u00e9ticos y el <strong>ODS 3<\/strong>, los delegados de <strong><strong>9\u00b0<\/strong> <\/strong>buscar\u00e1n alianzas internacionales para regular esta pr\u00e1ctica, prevenir la explotaci\u00f3n y proteger la dignidad de la madre y el beb\u00e9.<\/p>\n<\/div>\n\n\n\n<div class=\"wp-block-column is-layout-flow wp-block-column-is-layout-flow\">\n<figure class=\"wp-block-image size-full\"><a href=\"https:\/\/samanesonu.colegiolossamanes.edu.co\/index.php\/cidi\/\"><img loading=\"lazy\" decoding=\"async\" width=\"1024\" height=\"768\" src=\"http:\/\/samanesonu.colegiolossamanes.edu.co\/wp-content\/uploads\/2026\/04\/CPERR.png\" alt=\"\" class=\"wp-image-3522\" srcset=\"https:\/\/samanesonu.colegiolossamanes.edu.co\/wp-content\/uploads\/2026\/04\/CPERR.png 1024w, https:\/\/samanesonu.colegiolossamanes.edu.co\/wp-content\/uploads\/2026\/04\/CPERR-300x225.png 300w, https:\/\/samanesonu.colegiolossamanes.edu.co\/wp-content\/uploads\/2026\/04\/CPERR-768x576.png 768w\" sizes=\"auto, (max-width: 1024px) 100vw, 1024px\" \/><\/a><\/figure>\n\n\n\n<h3 class=\"wp-block-heading\">CPER: Comisi\u00f3n Panamericana para la Estabilidad Regional<\/h3>\n\n\n\n<p>La <strong>CPER<\/strong> debate la estabilidad pol\u00edtica de Am\u00e9rica en la posguerra y Guerra Fr\u00eda. Delegados de <strong>9\u00b0<\/strong> analizar\u00e1n la cooperaci\u00f3n y soberan\u00eda para proponer soluciones diplom\u00e1ticas que aseguren el balance de poder regional.<\/p>\n<\/div>\n\n\n\n<div class=\"wp-block-column is-layout-flow wp-block-column-is-layout-flow\">\n<figure class=\"wp-block-image size-full\"><a href=\"https:\/\/samanesonu.colegiolossamanes.edu.co\/index.php\/onu-migracion\/\" target=\"_blank\" rel=\"noopener\"><img loading=\"lazy\" decoding=\"async\" width=\"1024\" height=\"768\" src=\"http:\/\/samanesonu.colegiolossamanes.edu.co\/wp-content\/uploads\/2026\/04\/CPER-1.png\" alt=\"\" class=\"wp-image-3405\" srcset=\"https:\/\/samanesonu.colegiolossamanes.edu.co\/wp-content\/uploads\/2026\/04\/CPER-1.png 1024w, https:\/\/samanesonu.colegiolossamanes.edu.co\/wp-content\/uploads\/2026\/04\/CPER-1-300x225.png 300w, https:\/\/samanesonu.colegiolossamanes.edu.co\/wp-content\/uploads\/2026\/04\/CPER-1-768x576.png 768w\" sizes=\"auto, (max-width: 1024px) 100vw, 1024px\" \/><\/a><\/figure>\n\n\n\n<h3 class=\"wp-block-heading\">CISG: Consejo Internacional de Seguridad en tiempos de Guerra <\/h3>\n\n\n\n<p>Esta comisi\u00f3n analiza la situaci\u00f3n global de la <strong>Segunda Guerra Mundial<\/strong> para construir un pacto de paz. Delegados de <strong>9\u00b0<\/strong>, situados en <strong>Berna (1941)<\/strong>, debatir\u00e1n el equilibrio entre intereses pol\u00edticos y la dignidad humana mediante soluciones diplom\u00e1ticas y cooperaci\u00f3n.<\/p>\n<\/div>\n<\/div>\n<\/div>\n<\/div>\n\n\n\n<div class=\"wp-block-group\"><div class=\"wp-block-group__inner-container is-layout-flow wp-block-group-is-layout-flow\">\n<div class=\"wp-block-columns is-layout-flex wp-container-core-columns-is-layout-7 wp-block-columns-is-layout-flex\">\n<div class=\"wp-block-column is-layout-flow wp-block-column-is-layout-flow\">\n<figure class=\"wp-block-image size-full is-resized\"><a href=\"https:\/\/samanesonu.colegiolossamanes.edu.co\/index.php\/ecosoc\/\" target=\"_blank\" rel=\"noopener\"><img loading=\"lazy\" decoding=\"async\" width=\"1024\" height=\"768\" src=\"http:\/\/samanesonu.colegiolossamanes.edu.co\/wp-content\/uploads\/2026\/04\/CMER-PFP.png\" alt=\"\" class=\"wp-image-3418\" srcset=\"https:\/\/samanesonu.colegiolossamanes.edu.co\/wp-content\/uploads\/2026\/04\/CMER-PFP.png 1024w, https:\/\/samanesonu.colegiolossamanes.edu.co\/wp-content\/uploads\/2026\/04\/CMER-PFP-300x225.png 300w, https:\/\/samanesonu.colegiolossamanes.edu.co\/wp-content\/uploads\/2026\/04\/CMER-PFP-768x576.png 768w\" sizes=\"auto, (max-width: 1024px) 100vw, 1024px\" \/><\/a><\/figure>\n\n\n\n<h3 class=\"wp-block-heading\">CMER: Comisi\u00f3n para la Migraci\u00f3n y la Estabilidad Regional<\/h3>\n\n\n\n<p>Dirigida a <strong>5\u00b0 y 6\u00b0 grado<\/strong>, esta comisi\u00f3n analiza la tensi\u00f3n entre EE. UU. y Venezuela tras la captura de Nicol\u00e1s Maduro en <strong>enero de 2026<\/strong>. Los delegados debatir\u00e1n el impacto pol\u00edtico y humano de la <strong>migraci\u00f3n<\/strong>, buscando soluciones diplom\u00e1ticas que garanticen la paz, el respeto a la soberan\u00eda y los derechos de las familias migrantes.<\/p>\n<\/div>\n\n\n\n<div class=\"wp-block-column is-layout-flow wp-block-column-is-layout-flow\">\n<figure class=\"wp-block-image size-full\"><a href=\"https:\/\/samanesonu.colegiolossamanes.edu.co\/index.php\/salud\/\"><img loading=\"lazy\" decoding=\"async\" width=\"1024\" height=\"768\" src=\"http:\/\/samanesonu.colegiolossamanes.edu.co\/wp-content\/uploads\/2026\/04\/CSCHP-PFPR.png\" alt=\"\" class=\"wp-image-3437\" srcset=\"https:\/\/samanesonu.colegiolossamanes.edu.co\/wp-content\/uploads\/2026\/04\/CSCHP-PFPR.png 1024w, https:\/\/samanesonu.colegiolossamanes.edu.co\/wp-content\/uploads\/2026\/04\/CSCHP-PFPR-300x225.png 300w, https:\/\/samanesonu.colegiolossamanes.edu.co\/wp-content\/uploads\/2026\/04\/CSCHP-PFPR-768x576.png 768w\" sizes=\"auto, (max-width: 1024px) 100vw, 1024px\" \/><\/a><\/figure>\n\n\n\n<h3 class=\"wp-block-heading\">CSCHP: Comisi\u00f3n de la Salud en Crisis Humanitarias y Pandemias<\/h3>\n\n\n\n<p>Esta comisi\u00f3n debate c\u00f3mo las crisis sanitarias exponen fallas estructurales y desigualdades globales. Delegados de <strong>7\u00b0 y 8\u00b0<\/strong>, bajo el marco de los <strong>ODS 3, 10 y 16<\/strong>, buscar\u00e1n mecanismos de cooperaci\u00f3n para fortalecer los sistemas de salud y garantizar el acceso equitativo a vacunas y atenci\u00f3n m\u00e9dica en poblaciones vulnerables.<\/p>\n<\/div>\n\n\n\n<div class=\"wp-block-column is-layout-flow wp-block-column-is-layout-flow\">\n<figure class=\"wp-block-image size-full\"><a href=\"https:\/\/samanesonu.colegiolossamanes.edu.co\/index.php\/cs\/\"><img loading=\"lazy\" decoding=\"async\" width=\"1024\" height=\"768\" src=\"http:\/\/samanesonu.colegiolossamanes.edu.co\/wp-content\/uploads\/2026\/04\/JEP-final.png\" alt=\"\" class=\"wp-image-3516\" srcset=\"https:\/\/samanesonu.colegiolossamanes.edu.co\/wp-content\/uploads\/2026\/04\/JEP-final.png 1024w, https:\/\/samanesonu.colegiolossamanes.edu.co\/wp-content\/uploads\/2026\/04\/JEP-final-300x225.png 300w, https:\/\/samanesonu.colegiolossamanes.edu.co\/wp-content\/uploads\/2026\/04\/JEP-final-768x576.png 768w\" sizes=\"auto, (max-width: 1024px) 100vw, 1024px\" \/><\/a><\/figure>\n\n\n\n<h3 class=\"wp-block-heading\">CECPC: Jurisdicci\u00f3n Especial para la Paz, Caso 03<\/h3>\n\n\n\n<p>Esta comisi\u00f3n para <strong>7\u00b0 y 8\u00b0<\/strong> analiza el <strong>Caso 03 de la JEP<\/strong>, sobre ejecuciones extrajudiciales presentadas como bajas en combate. Los delegados debatir\u00e1n c\u00f3mo estos incentivos institucionales afectaron a j\u00f3venes vulnerables y qu\u00e9 mecanismos de justicia transicional son necesarios para garantizar la verdad y la no repetici\u00f3n.<\/p>\n<\/div>\n<\/div>\n\n\n\n<div class=\"wp-block-columns is-layout-flex wp-container-core-columns-is-layout-8 wp-block-columns-is-layout-flex\">\n<div class=\"wp-block-column is-layout-flow wp-block-column-is-layout-flow\"><div class=\"wp-block-image is-resized\">\n<figure class=\"aligncenter size-full\"><a href=\"https:\/\/samanesonu.colegiolossamanes.edu.co\/index.php\/eegrc\/\"><img loading=\"lazy\" decoding=\"async\" width=\"1024\" height=\"768\" src=\"http:\/\/samanesonu.colegiolossamanes.edu.co\/wp-content\/uploads\/2026\/04\/GCGS-PFP.png\" alt=\"\" class=\"wp-image-3465\" style=\"width:377px;height:auto\" srcset=\"https:\/\/samanesonu.colegiolossamanes.edu.co\/wp-content\/uploads\/2026\/04\/GCGS-PFP.png 1024w, https:\/\/samanesonu.colegiolossamanes.edu.co\/wp-content\/uploads\/2026\/04\/GCGS-PFP-300x225.png 300w, https:\/\/samanesonu.colegiolossamanes.edu.co\/wp-content\/uploads\/2026\/04\/GCGS-PFP-768x576.png 768w\" sizes=\"auto, (max-width: 1024px) 100vw, 1024px\" \/><\/a><\/figure><\/div>\n\n\n<h3 class=\"wp-block-heading\">GCGS: Global Council of Geopolitical Stability<\/h3>\n\n\n\n<p>The <strong>GCGS (SAMONU 2026)<\/strong> is a high-level forum for managing international tensions and strategic rivalries. Delegates, acting as <strong>Heads of State<\/strong>, will analyze the shifting global order\u2014from conflicts in Eastern Europe and the Middle East to security in the Arctic. The goal is to propose solutions that promote stability and a strategic balance of power in a volatile, polarized landscape.<\/p>\n<\/div>\n\n\n\n<div class=\"wp-block-column is-layout-flow wp-block-column-is-layout-flow\">\n<figure class=\"wp-block-image size-full\"><a href=\"https:\/\/samanesonu.colegiolossamanes.edu.co\/index.php\/nome-nuevo-orden-mundial-economia-2\/\"><img loading=\"lazy\" decoding=\"async\" width=\"1024\" height=\"768\" src=\"https:\/\/samanesonu.colegiolossamanes.edu.co\/wp-content\/uploads\/2026\/04\/nome.png\" alt=\"\" class=\"wp-image-3530\" srcset=\"https:\/\/samanesonu.colegiolossamanes.edu.co\/wp-content\/uploads\/2026\/04\/nome.png 1024w, https:\/\/samanesonu.colegiolossamanes.edu.co\/wp-content\/uploads\/2026\/04\/nome-300x225.png 300w, https:\/\/samanesonu.colegiolossamanes.edu.co\/wp-content\/uploads\/2026\/04\/nome-768x576.png 768w\" sizes=\"auto, (max-width: 1024px) 100vw, 1024px\" \/><\/a><\/figure>\n\n\n\n<h3 class=\"wp-block-heading\">NOME (Nuevo Orden Mundial Econom\u00eda)<\/h3>\n\n\n\n<p>Esta comisi\u00f3n analiza la reconfiguraci\u00f3n econ\u00f3mica global marcada por el ascenso de potencias como <strong>China e India<\/strong> y el impacto de la tecnolog\u00eda. Los delegados debatir\u00e1n c\u00f3mo la competencia internacional y las decisiones de los l\u00edderes mundiales afectan la equidad. El objetivo es proponer mecanismos de cooperaci\u00f3n que mitiguen la desigualdad sist\u00e9mica y promuevan un desarrollo sostenible y justo.<\/p>\n\n\n\n<div class=\"wp-block-group\"><div class=\"wp-block-group__inner-container is-layout-constrained wp-block-group-is-layout-constrained\">\n<figure class=\"wp-block-image size-full\"><a href=\"https:\/\/samanesonu.colegiolossamanes.edu.co\/index.php\/cinse-comision-internacional-contra-el-narcotrafico-e-impacto-socioeconomico\/\"><img loading=\"lazy\" decoding=\"async\" width=\"1024\" height=\"768\" src=\"http:\/\/samanesonu.colegiolossamanes.edu.co\/wp-content\/uploads\/2026\/04\/CINSE.png\" alt=\"\" class=\"wp-image-3532\" srcset=\"https:\/\/samanesonu.colegiolossamanes.edu.co\/wp-content\/uploads\/2026\/04\/CINSE.png 1024w, https:\/\/samanesonu.colegiolossamanes.edu.co\/wp-content\/uploads\/2026\/04\/CINSE-300x225.png 300w, https:\/\/samanesonu.colegiolossamanes.edu.co\/wp-content\/uploads\/2026\/04\/CINSE-768x576.png 768w\" sizes=\"auto, (max-width: 1024px) 100vw, 1024px\" \/><\/a><\/figure>\n\n\n\n<h3 class=\"wp-block-heading\">CINSE (Comisi\u00f3n Internacional contra el Narcotr\u00e1fico e impacto Socioecon\u00f3mico )<\/h3>\n\n\n\n<p>Esta comisi\u00f3n analiza la reconfiguraci\u00f3n <\/p>\n<\/div><\/div>\n<\/div>\n\n\n\n<div class=\"wp-block-column is-layout-flow wp-block-column-is-layout-flow\"><div class=\"wp-block-image is-resized\">\n<figure class=\"aligncenter size-full\"><a href=\"https:\/\/samanesonu.colegiolossamanes.edu.co\/index.php\/foro\/\"><img loading=\"lazy\" decoding=\"async\" width=\"1024\" height=\"768\" src=\"https:\/\/samanesonu.colegiolossamanes.edu.co\/wp-content\/uploads\/2026\/04\/CIEV-NUEVO.png\" alt=\"\" class=\"wp-image-3547\" style=\"width:378px;height:auto\" srcset=\"https:\/\/samanesonu.colegiolossamanes.edu.co\/wp-content\/uploads\/2026\/04\/CIEV-NUEVO.png 1024w, https:\/\/samanesonu.colegiolossamanes.edu.co\/wp-content\/uploads\/2026\/04\/CIEV-NUEVO-300x225.png 300w, https:\/\/samanesonu.colegiolossamanes.edu.co\/wp-content\/uploads\/2026\/04\/CIEV-NUEVO-768x576.png 768w\" sizes=\"auto, (max-width: 1024px) 100vw, 1024px\" \/><\/a><\/figure><\/div>\n\n\n<h3 class=\"wp-block-heading\">CIEV: Comisi\u00f3n Internacional de la Explotaci\u00f3n Sexual y Violencia de G\u00e9nero<\/h3>\n\n\n\n<p>Esta comisi\u00f3n debate si la explotaci\u00f3n sexual y la trata de personas son fallas sist\u00e9micas o producto de la demanda global. Delegados de <strong>10\u00b0 y 11\u00b0<\/strong>, bajo los <strong>ODS 3, 5 y 16<\/strong>, propondr\u00e1n mecanismos de cooperaci\u00f3n para desarticular redes criminales y garantizar que la soberan\u00eda no sea un escudo para la impunidad ante la violencia de g\u00e9nero.<\/p>\n<\/div>\n<\/div>\n<\/div><\/div>\n\n\n\n<hr class=\"wp-block-separator has-css-opacity is-style-wide\"\/>\n\n\n\n<div class=\"wp-block-columns is-layout-flex wp-container-core-columns-is-layout-9 wp-block-columns-is-layout-flex\">\n<div class=\"wp-block-column is-layout-flow wp-block-column-is-layout-flow\" style=\"flex-basis:25%\"><div class=\"wp-block-image\">\n<figure class=\"aligncenter size-full is-resized\"><a href=\"https:\/\/samanesonu.colegiolossamanes.edu.co\/index.php\/club-de-debate\/\" target=\"_blank\" rel=\" noreferrer noopener\"><img loading=\"lazy\" decoding=\"async\" width=\"517\" height=\"514\" src=\"http:\/\/samanesonu.colegiolossamanes.edu.co\/wp-content\/uploads\/2025\/04\/Club-de-Debate-1.png\" alt=\"\" class=\"wp-image-2821\" style=\"width:174px;height:auto\" srcset=\"https:\/\/samanesonu.colegiolossamanes.edu.co\/wp-content\/uploads\/2025\/04\/Club-de-Debate-1.png 517w, https:\/\/samanesonu.colegiolossamanes.edu.co\/wp-content\/uploads\/2025\/04\/Club-de-Debate-1-300x298.png 300w, https:\/\/samanesonu.colegiolossamanes.edu.co\/wp-content\/uploads\/2025\/04\/Club-de-Debate-1-150x150.png 150w\" sizes=\"auto, (max-width: 517px) 100vw, 517px\" \/><\/a><figcaption class=\"wp-element-caption\">Ingresa aqu\u00ed<\/figcaption><\/figure><\/div><\/div>\n\n\n\n<div class=\"wp-block-column is-layout-flow wp-block-column-is-layout-flow\" style=\"flex-basis:50%\"><div class=\"wp-block-image\">\n<figure class=\"aligncenter size-large is-resized\"><img loading=\"lazy\" decoding=\"async\" width=\"1024\" height=\"438\" src=\"http:\/\/samanesonu.colegiolossamanes.edu.co\/wp-content\/uploads\/2025\/03\/Logo-area-de-sociales-1-1024x438.png\" alt=\"\" class=\"wp-image-2481\" style=\"width:313px;height:auto\" srcset=\"https:\/\/samanesonu.colegiolossamanes.edu.co\/wp-content\/uploads\/2025\/03\/Logo-area-de-sociales-1-1024x438.png 1024w, https:\/\/samanesonu.colegiolossamanes.edu.co\/wp-content\/uploads\/2025\/03\/Logo-area-de-sociales-1-300x128.png 300w, https:\/\/samanesonu.colegiolossamanes.edu.co\/wp-content\/uploads\/2025\/03\/Logo-area-de-sociales-1-768x329.png 768w, https:\/\/samanesonu.colegiolossamanes.edu.co\/wp-content\/uploads\/2025\/03\/Logo-area-de-sociales-1-1536x658.png 1536w, https:\/\/samanesonu.colegiolossamanes.edu.co\/wp-content\/uploads\/2025\/03\/Logo-area-de-sociales-1-2048x877.png 2048w\" sizes=\"auto, (max-width: 1024px) 100vw, 1024px\" \/><\/figure><\/div><\/div>\n\n\n\n<div class=\"wp-block-column is-layout-flow wp-block-column-is-layout-flow\" style=\"flex-basis:25%\"><div class=\"wp-block-image\">\n<figure class=\"alignleft size-large\"><img loading=\"lazy\" decoding=\"async\" width=\"1024\" height=\"521\" src=\"http:\/\/samanesonu.colegiolossamanes.edu.co\/wp-content\/uploads\/2025\/03\/Estudios-Culturales-1-2-1024x521.png\" alt=\"\" class=\"wp-image-2487\" srcset=\"https:\/\/samanesonu.colegiolossamanes.edu.co\/wp-content\/uploads\/2025\/03\/Estudios-Culturales-1-2-1024x521.png 1024w, https:\/\/samanesonu.colegiolossamanes.edu.co\/wp-content\/uploads\/2025\/03\/Estudios-Culturales-1-2-300x153.png 300w, https:\/\/samanesonu.colegiolossamanes.edu.co\/wp-content\/uploads\/2025\/03\/Estudios-Culturales-1-2-768x391.png 768w, https:\/\/samanesonu.colegiolossamanes.edu.co\/wp-content\/uploads\/2025\/03\/Estudios-Culturales-1-2-1536x782.png 1536w, https:\/\/samanesonu.colegiolossamanes.edu.co\/wp-content\/uploads\/2025\/03\/Estudios-Culturales-1-2.png 1963w\" sizes=\"auto, (max-width: 1024px) 100vw, 1024px\" \/><\/figure><\/div><\/div>\n<\/div>\n\n\n\n<hr class=\"wp-block-separator has-css-opacity is-style-wide\"\/>\n\n\n\n<p><\/p>\n","protected":false},"excerpt":{"rendered":"<p>El Colegio Los Samanes ha sido el pilar fundamental de SAMONU, brindando el respaldo acad\u00e9mico, log\u00edstico e institucional que ha permitido su consolidaci\u00f3n y crecimiento. Gracias a su compromiso con la educaci\u00f3n cr\u00edtica y la formaci\u00f3n de ciudadanos globales, el colegio ha impulsado este simulacro como un espacio de debate, liderazgo y an\u00e1lisis de problem\u00e1ticas&#8230;<\/p>\n","protected":false},"author":2,"featured_media":0,"parent":0,"menu_order":0,"comment_status":"closed","ping_status":"closed","template":"","meta":{"_kad_post_transparent":"","_kad_post_title":"","_kad_post_layout":"","_kad_post_sidebar_id":"","_kad_post_content_style":"","_kad_post_vertical_padding":"","_kad_post_feature":"","_kad_post_feature_position":"","_kad_post_header":false,"_kad_post_footer":false,"footnotes":""},"class_list":["post-10","page","type-page","status-publish","hentry"],"_links":{"self":[{"href":"https:\/\/samanesonu.colegiolossamanes.edu.co\/index.php\/wp-json\/wp\/v2\/pages\/10","targetHints":{"allow":["GET"]}}],"collection":[{"href":"https:\/\/samanesonu.colegiolossamanes.edu.co\/index.php\/wp-json\/wp\/v2\/pages"}],"about":[{"href":"https:\/\/samanesonu.colegiolossamanes.edu.co\/index.php\/wp-json\/wp\/v2\/types\/page"}],"author":[{"embeddable":true,"href":"https:\/\/samanesonu.colegiolossamanes.edu.co\/index.php\/wp-json\/wp\/v2\/users\/2"}],"replies":[{"embeddable":true,"href":"https:\/\/samanesonu.colegiolossamanes.edu.co\/index.php\/wp-json\/wp\/v2\/comments?post=10"}],"version-history":[{"count":313,"href":"https:\/\/samanesonu.colegiolossamanes.edu.co\/index.php\/wp-json\/wp\/v2\/pages\/10\/revisions"}],"predecessor-version":[{"id":3574,"href":"https:\/\/samanesonu.colegiolossamanes.edu.co\/index.php\/wp-json\/wp\/v2\/pages\/10\/revisions\/3574"}],"wp:attachment":[{"href":"https:\/\/samanesonu.colegiolossamanes.edu.co\/index.php\/wp-json\/wp\/v2\/media?parent=10"}],"curies":[{"name":"wp","href":"https:\/\/api.w.org\/{rel}","templated":true}]}}